{"id":5,"date":"2021-05-19T23:07:31","date_gmt":"2021-05-19T23:07:31","guid":{"rendered":"https:\/\/aholab.ehu.eus\/aholab-gtts\/?page_id=5"},"modified":"2021-11-18T15:36:34","modified_gmt":"2021-11-18T15:36:34","slug":"personal","status":"publish","type":"page","link":"https:\/\/aholab.ehu.eus\/aholab-gtts\/personal\/","title":{"rendered":"Personas"},"content":{"rendered":"\n<div class=\"wp-block-media-text alignwide is-stacked-on-mobile is-style-twentytwentyone-border\" style=\"grid-template-columns:15% auto\"><figure class=\"wp-block-media-text__media\"><img loading=\"lazy\" decoding=\"async\" width=\"506\" height=\"695\" src=\"https:\/\/aholab.ehu.eus\/aholab-gtts\/wp-content\/uploads\/2021\/05\/FotoInmaColorOsatuberriNov2020_recorte1.jpg\" alt=\"\" class=\"wp-image-6 size-full\" srcset=\"https:\/\/aholab.ehu.eus\/aholab-gtts\/wp-content\/uploads\/2021\/05\/FotoInmaColorOsatuberriNov2020_recorte1.jpg 506w, https:\/\/aholab.ehu.eus\/aholab-gtts\/wp-content\/uploads\/2021\/05\/FotoInmaColorOsatuberriNov2020_recorte1-218x300.jpg 218w\" sizes=\"auto, (max-width: 506px) 100vw, 506px\" \/><\/figure><div class=\"wp-block-media-text__content\">\n<h2 class=\"has-text-align-center wp-block-heading\">Inma Hern\u00e1ez<\/h2>\n\n\n\n<p class=\"has-text-align-center has-small-font-size\">Departamento de Ingenier\u00eda de Comunicaciones. \u00c1rea de Teor\u00eda de la Se\u00f1al.<\/p>\n<\/div><\/div>\n\n\n\n<div class=\"wp-block-media-text alignwide is-stacked-on-mobile is-style-twentytwentyone-border\" style=\"grid-template-columns:15% auto\"><figure class=\"wp-block-media-text__media\"><img loading=\"lazy\" decoding=\"async\" width=\"120\" height=\"160\" src=\"https:\/\/aholab.ehu.eus\/aholab-gtts\/wp-content\/uploads\/2021\/05\/Amparo1.jpg\" alt=\"\" class=\"wp-image-22 size-full\"\/><\/figure><div class=\"wp-block-media-text__content\">\n<h2 class=\"has-text-align-center wp-block-heading\">Amparo Varona<\/h2>\n\n\n\n<p class=\"has-text-align-center has-small-font-size\">Departamento de Electricidad y Electr\u00f3nica. \u00c1rea de Lenguajes y Sistemas Inform\u00e1ticos.<\/p>\n<\/div><\/div>\n\n\n\n<div class=\"wp-block-media-text alignwide is-stacked-on-mobile is-style-twentytwentyone-border\" style=\"grid-template-columns:15% auto\"><figure class=\"wp-block-media-text__media\"><img loading=\"lazy\" decoding=\"async\" width=\"300\" height=\"300\" src=\"https:\/\/aholab.ehu.eus\/aholab-gtts\/wp-content\/uploads\/2021\/05\/eva31.jpg\" alt=\"\" class=\"wp-image-7 size-full\" srcset=\"https:\/\/aholab.ehu.eus\/aholab-gtts\/wp-content\/uploads\/2021\/05\/eva31.jpg 300w, https:\/\/aholab.ehu.eus\/aholab-gtts\/wp-content\/uploads\/2021\/05\/eva31-150x150.jpg 150w\" sizes=\"auto, (max-width: 300px) 100vw, 300px\" \/><\/figure><div class=\"wp-block-media-text__content\">\n<h2 class=\"has-text-align-center wp-block-heading\">Eva Navas<\/h2>\n\n\n\n<p class=\"has-text-align-center has-small-font-size\">Departamento de Ingenier\u00eda de Comunicaciones. \u00c1rea de Teor\u00eda de la Se\u00f1al.<\/p>\n<\/div><\/div>\n\n\n\n<div class=\"wp-block-media-text alignwide is-stacked-on-mobile is-style-twentytwentyone-border\" style=\"grid-template-columns:15% auto\"><figure class=\"wp-block-media-text__media\"><img loading=\"lazy\" decoding=\"async\" width=\"248\" height=\"330\" src=\"https:\/\/aholab.ehu.eus\/aholab-gtts\/wp-content\/uploads\/2021\/05\/German1.jpg\" alt=\"\" class=\"wp-image-20 size-full\" srcset=\"https:\/\/aholab.ehu.eus\/aholab-gtts\/wp-content\/uploads\/2021\/05\/German1.jpg 248w, https:\/\/aholab.ehu.eus\/aholab-gtts\/wp-content\/uploads\/2021\/05\/German1-225x300.jpg 225w\" sizes=\"auto, (max-width: 248px) 100vw, 248px\" \/><\/figure><div class=\"wp-block-media-text__content\">\n<h2 class=\"has-text-align-center wp-block-heading\">German Bordel<\/h2>\n\n\n\n<p class=\"has-text-align-center has-small-font-size\">Departamento de Electricidad y Electr\u00f3nica. \u00c1rea de Lenguajes y Sistemas Inform\u00e1ticos.<\/p>\n<\/div><\/div>\n\n\n\n<div class=\"wp-block-media-text alignwide is-stacked-on-mobile is-style-twentytwentyone-border\" style=\"grid-template-columns:15% auto\"><figure class=\"wp-block-media-text__media\"><img loading=\"lazy\" decoding=\"async\" width=\"800\" height=\"800\" src=\"https:\/\/aholab.ehu.eus\/aholab-gtts\/wp-content\/uploads\/2021\/05\/ibon31.png\" alt=\"\" class=\"wp-image-8 size-full\" srcset=\"https:\/\/aholab.ehu.eus\/aholab-gtts\/wp-content\/uploads\/2021\/05\/ibon31.png 800w, https:\/\/aholab.ehu.eus\/aholab-gtts\/wp-content\/uploads\/2021\/05\/ibon31-300x300.png 300w, https:\/\/aholab.ehu.eus\/aholab-gtts\/wp-content\/uploads\/2021\/05\/ibon31-150x150.png 150w, https:\/\/aholab.ehu.eus\/aholab-gtts\/wp-content\/uploads\/2021\/05\/ibon31-768x768.png 768w\" sizes=\"auto, (max-width: 800px) 100vw, 800px\" \/><\/figure><div class=\"wp-block-media-text__content\">\n<h2 class=\"has-text-align-center wp-block-heading\">Ibon Saratxaga<\/h2>\n\n\n\n<p class=\"has-text-align-center has-small-font-size\">Departamento de Ingenier\u00eda de Comunicaciones. \u00c1rea de Ingenier\u00eda Telem\u00e1tica.<\/p>\n<\/div><\/div>\n\n\n\n<div class=\"wp-block-media-text alignwide is-stacked-on-mobile is-style-twentytwentyone-border\" style=\"grid-template-columns:15% auto\"><figure class=\"wp-block-media-text__media\"><img loading=\"lazy\" decoding=\"async\" width=\"479\" height=\"479\" src=\"https:\/\/aholab.ehu.eus\/aholab-gtts\/wp-content\/uploads\/2021\/05\/44169196_10216913614181741_5340682005967273984_n1.jpg\" alt=\"\" class=\"wp-image-9 size-full\" srcset=\"https:\/\/aholab.ehu.eus\/aholab-gtts\/wp-content\/uploads\/2021\/05\/44169196_10216913614181741_5340682005967273984_n1.jpg 479w, https:\/\/aholab.ehu.eus\/aholab-gtts\/wp-content\/uploads\/2021\/05\/44169196_10216913614181741_5340682005967273984_n1-300x300.jpg 300w, https:\/\/aholab.ehu.eus\/aholab-gtts\/wp-content\/uploads\/2021\/05\/44169196_10216913614181741_5340682005967273984_n1-150x150.jpg 150w\" sizes=\"auto, (max-width: 479px) 100vw, 479px\" \/><\/figure><div class=\"wp-block-media-text__content\">\n<h2 class=\"has-text-align-center wp-block-heading\">Jon Sanchez<\/h2>\n\n\n\n<p class=\"has-text-align-center has-small-font-size\">Departamento de Ingenier\u00eda de Comunicaciones. \u00c1rea de Teor\u00eda de la Se\u00f1al.<\/p>\n<\/div><\/div>\n\n\n\n<div class=\"wp-block-media-text alignwide is-stacked-on-mobile is-style-twentytwentyone-border\" style=\"grid-template-columns:15% auto\"><figure class=\"wp-block-media-text__media\"><img loading=\"lazy\" decoding=\"async\" width=\"120\" height=\"160\" src=\"https:\/\/aholab.ehu.eus\/aholab-gtts\/wp-content\/uploads\/2021\/05\/LuisJa1.jpg\" alt=\"\" class=\"wp-image-18 size-full\"\/><\/figure><div class=\"wp-block-media-text__content\">\n<h2 class=\"has-text-align-center wp-block-heading\">Luis Javier Rodriguez<\/h2>\n\n\n\n<p class=\"has-text-align-center has-small-font-size\">Departamento de Electricidad y Electr\u00f3nica. \u00c1rea de Lenguajes y Sistemas Inform\u00e1ticos.<\/p>\n<\/div><\/div>\n\n\n\n<div class=\"wp-block-media-text alignwide is-stacked-on-mobile is-style-twentytwentyone-border\" style=\"grid-template-columns:15% auto\"><figure class=\"wp-block-media-text__media\"><img loading=\"lazy\" decoding=\"async\" width=\"558\" height=\"768\" src=\"https:\/\/aholab.ehu.eus\/aholab-gtts\/wp-content\/uploads\/2021\/05\/sneha2-e16214676561841.jpg\" alt=\"\" class=\"wp-image-25 size-full\" srcset=\"https:\/\/aholab.ehu.eus\/aholab-gtts\/wp-content\/uploads\/2021\/05\/sneha2-e16214676561841.jpg 558w, https:\/\/aholab.ehu.eus\/aholab-gtts\/wp-content\/uploads\/2021\/05\/sneha2-e16214676561841-218x300.jpg 218w\" sizes=\"auto, (max-width: 558px) 100vw, 558px\" \/><\/figure><div class=\"wp-block-media-text__content\">\n<h2 class=\"has-text-align-center wp-block-heading\">Sneha Raman<\/h2>\n\n\n\n<p class=\"has-text-align-center has-small-font-size\"> Departamento de Ingenier\u00eda de Comunicaciones. \u00c1rea de Teor\u00eda de la Se\u00f1al. <\/p>\n<\/div><\/div>\n\n\n\n<div class=\"wp-block-media-text alignwide is-stacked-on-mobile is-style-twentytwentyone-border\" style=\"grid-template-columns:15% auto\"><figure class=\"wp-block-media-text__media\"><img loading=\"lazy\" decoding=\"async\" width=\"120\" height=\"160\" src=\"https:\/\/aholab.ehu.eus\/aholab-gtts\/wp-content\/uploads\/2021\/05\/Mikel.jpg\" alt=\"\" class=\"wp-image-154 size-full\" srcset=\"https:\/\/aholab.ehu.eus\/aholab-gtts\/wp-content\/uploads\/2021\/05\/Mikel.jpg 120w, https:\/\/aholab.ehu.eus\/aholab-gtts\/wp-content\/uploads\/2021\/05\/Mikel-45x60.jpg 45w\" sizes=\"auto, (max-width: 120px) 100vw, 120px\" \/><\/figure><div class=\"wp-block-media-text__content\">\n<h2 class=\"has-text-align-center wp-block-heading\">Mikel Pe\u00f1agarikano<\/h2>\n\n\n\n<p class=\"has-text-align-center has-small-font-size\">Departamento de Electricidad y Electr\u00f3nica. \u00c1rea de Lenguajes y Sistemas Inform\u00e1ticos.<\/p>\n<\/div><\/div>\n\n\n\n<div class=\"wp-block-media-text alignwide is-stacked-on-mobile is-style-twentytwentyone-border\" style=\"grid-template-columns:15% auto\"><figure class=\"wp-block-media-text__media\"><img loading=\"lazy\" decoding=\"async\" width=\"768\" height=\"1024\" src=\"https:\/\/aholab.ehu.eus\/aholab-gtts\/wp-content\/uploads\/2021\/11\/Inge-768x1024.jpg\" alt=\"\" class=\"wp-image-185 size-full\" srcset=\"https:\/\/aholab.ehu.eus\/aholab-gtts\/wp-content\/uploads\/2021\/11\/Inge-768x1023.jpg 768w, https:\/\/aholab.ehu.eus\/aholab-gtts\/wp-content\/uploads\/2021\/11\/Inge-225x300.jpg 225w, https:\/\/aholab.ehu.eus\/aholab-gtts\/wp-content\/uploads\/2021\/11\/Inge.jpg 809w\" sizes=\"auto, (max-width: 768px) 100vw, 768px\" \/><\/figure><div class=\"wp-block-media-text__content\">\n<h2 class=\"has-text-align-center wp-block-heading\">Inge Salomons<\/h2>\n\n\n\n<p class=\"has-text-align-center has-small-font-size\">  Departamento de Ingenier\u00eda de Comunicaciones. \u00c1rea de Teor\u00eda de la Se\u00f1al.  <\/p>\n<\/div><\/div>\n\n\n\n<div class=\"wp-block-media-text alignwide is-stacked-on-mobile is-style-twentytwentyone-border\" style=\"grid-template-columns:15% auto\"><figure class=\"wp-block-media-text__media\"><img loading=\"lazy\" decoding=\"async\" width=\"710\" height=\"1024\" src=\"https:\/\/aholab.ehu.eus\/aholab-gtts\/wp-content\/uploads\/2021\/11\/20201014_130127-710x1024.jpg\" alt=\"\" class=\"wp-image-186 size-full\" srcset=\"https:\/\/aholab.ehu.eus\/aholab-gtts\/wp-content\/uploads\/2021\/11\/20201014_130127-710x1024.jpg 710w, https:\/\/aholab.ehu.eus\/aholab-gtts\/wp-content\/uploads\/2021\/11\/20201014_130127-208x300.jpg 208w, https:\/\/aholab.ehu.eus\/aholab-gtts\/wp-content\/uploads\/2021\/11\/20201014_130127-768x1108.jpg 768w, https:\/\/aholab.ehu.eus\/aholab-gtts\/wp-content\/uploads\/2021\/11\/20201014_130127-1065x1536.jpg 1065w, https:\/\/aholab.ehu.eus\/aholab-gtts\/wp-content\/uploads\/2021\/11\/20201014_130127.jpg 1314w\" sizes=\"auto, (max-width: 710px) 100vw, 710px\" \/><\/figure><div class=\"wp-block-media-text__content\">\n<h2 class=\"has-text-align-center wp-block-heading\">Victor Garc\u00eda<\/h2>\n\n\n\n<p class=\"has-text-align-center has-small-font-size\">  Departamento de Ingenier\u00eda de Comunicaciones. \u00c1rea de Teor\u00eda de la Se\u00f1al.  <\/p>\n<\/div><\/div>\n\n\n\n<div class=\"wp-block-media-text alignwide is-stacked-on-mobile is-style-twentytwentyone-border\" style=\"grid-template-columns:15% auto\"><figure class=\"wp-block-media-text__media\"><img loading=\"lazy\" decoding=\"async\" width=\"813\" height=\"1024\" src=\"https:\/\/aholab.ehu.eus\/aholab-gtts\/wp-content\/uploads\/2021\/11\/eder.jpg\" alt=\"\" class=\"wp-image-187 size-full\" srcset=\"https:\/\/aholab.ehu.eus\/aholab-gtts\/wp-content\/uploads\/2021\/11\/eder.jpg 813w, https:\/\/aholab.ehu.eus\/aholab-gtts\/wp-content\/uploads\/2021\/11\/eder-238x300.jpg 238w, https:\/\/aholab.ehu.eus\/aholab-gtts\/wp-content\/uploads\/2021\/11\/eder-768x967.jpg 768w\" sizes=\"auto, (max-width: 813px) 100vw, 813px\" \/><\/figure><div class=\"wp-block-media-text__content\">\n<h2 class=\"has-text-align-center wp-block-heading\">Eder del Blanco<\/h2>\n\n\n\n<p class=\"has-text-align-center has-small-font-size\">  Departamento de Ingenier\u00eda de Comunicaciones. \u00c1rea de Teor\u00eda de la Se\u00f1al.  <\/p>\n<\/div><\/div>\n","protected":false},"excerpt":{"rendered":"<p>Inma Hern\u00e1ez Departamento de Ingenier\u00eda de Comunicaciones. \u00c1rea de Teor\u00eda de la Se\u00f1al. Amparo Varona Departamento de Electricidad y Electr\u00f3nica. \u00c1rea de Lenguajes y Sistemas Inform\u00e1ticos. Eva Navas Departamento de Ingenier\u00eda de Comunicaciones. \u00c1rea de Teor\u00eda de la Se\u00f1al. German Bordel Departamento de Electricidad y Electr\u00f3nica. \u00c1rea de Lenguajes y Sistemas Inform\u00e1ticos. Ibon Saratxaga Departamento &hellip; <\/p>\n","protected":false},"author":1,"featured_media":0,"parent":0,"menu_order":0,"comment_status":"closed","ping_status":"closed","template":"","meta":{"footnotes":""},"class_list":["post-5","page","type-page","status-publish","hentry"],"_links":{"self":[{"href":"https:\/\/aholab.ehu.eus\/aholab-gtts\/wp-json\/wp\/v2\/pages\/5","targetHints":{"allow":["GET"]}}],"collection":[{"href":"https:\/\/aholab.ehu.eus\/aholab-gtts\/wp-json\/wp\/v2\/pages"}],"about":[{"href":"https:\/\/aholab.ehu.eus\/aholab-gtts\/wp-json\/wp\/v2\/types\/page"}],"author":[{"embeddable":true,"href":"https:\/\/aholab.ehu.eus\/aholab-gtts\/wp-json\/wp\/v2\/users\/1"}],"replies":[{"embeddable":true,"href":"https:\/\/aholab.ehu.eus\/aholab-gtts\/wp-json\/wp\/v2\/comments?post=5"}],"version-history":[{"count":8,"href":"https:\/\/aholab.ehu.eus\/aholab-gtts\/wp-json\/wp\/v2\/pages\/5\/revisions"}],"predecessor-version":[{"id":194,"href":"https:\/\/aholab.ehu.eus\/aholab-gtts\/wp-json\/wp\/v2\/pages\/5\/revisions\/194"}],"wp:attachment":[{"href":"https:\/\/aholab.ehu.eus\/aholab-gtts\/wp-json\/wp\/v2\/media?parent=5"}],"curies":[{"name":"wp","href":"https:\/\/api.w.org\/{rel}","templated":true}]}}