{"id":80,"date":"2024-07-07T17:05:13","date_gmt":"2024-07-07T17:05:13","guid":{"rendered":"https:\/\/aholab.ehu.eus\/deeprestore\/?page_id=80"},"modified":"2025-11-19T00:46:55","modified_gmt":"2025-11-19T00:46:55","slug":"publicaciones","status":"publish","type":"page","link":"https:\/\/aholab.ehu.eus\/deeprestore\/publicaciones\/","title":{"rendered":"Publicaciones"},"content":{"rendered":"<p>[et_pb_section fb_built=\u00bb1&#8243; _builder_version=\u00bb4.26.0&#8243; _module_preset=\u00bbdefault\u00bb global_colors_info=\u00bb{}\u00bb][et_pb_row _builder_version=\u00bb4.27.0&#8243; _module_preset=\u00bbdefault\u00bb max_width=\u00bb80%\u00bb global_colors_info=\u00bb{}\u00bb][et_pb_column type=\u00bb4_4&#8243; _builder_version=\u00bb4.27.0&#8243; _module_preset=\u00bbdefault\u00bb global_colors_info=\u00bb{}\u00bb][et_pb_text _builder_version=\u00bb4.27.0&#8243; _module_preset=\u00bbdefault\u00bb text_orientation=\u00bbcenter\u00bb border_width_bottom=\u00bb1px\u00bb border_color_bottom=\u00bbgcid-primary-color\u00bb global_colors_info=\u00bb{%22gcid-primary-color%22:%91%22border_color_bottom%22%93}\u00bb]<\/p>\n<h1>PUBLICACIONES<\/h1>\n<p>[\/et_pb_text][\/et_pb_column][\/et_pb_row][et_pb_row column_structure=\u00bb1_4,1_4,1_4,1_4&#8243; _builder_version=\u00bb4.27.4&#8243; _module_preset=\u00bbdefault\u00bb global_colors_info=\u00bb{}\u00bb][et_pb_column type=\u00bb1_4&#8243; _builder_version=\u00bb4.27.4&#8243; _module_preset=\u00bbdefault\u00bb global_colors_info=\u00bb{}\u00bb][et_pb_blurb title=\u00bbInvestigating the feasibility of using non-invasive EEG signals to develop a speech neuroprosthesis.\u00bb image=\u00bbhttps:\/\/aholab.ehu.eus\/deeprestore\/wp-content\/uploads\/2024\/09\/ICONO-PUBLICACION.webp\u00bb image_icon_width=\u00bb44%\u00bb _builder_version=\u00bb4.27.4&#8243; _module_preset=\u00bbdefault\u00bb header_text_align=\u00bbcenter\u00bb header_line_height=\u00bb1.2em\u00bb body_text_align=\u00bbcenter\u00bb animation=\u00bboff\u00bb custom_css_blurb_image=\u00bbmargin-bottom: -10px;\u00bb global_colors_info=\u00bb{}\u00bb]<\/p>\n<p><span data-olk-copy-source=\"MessageBody\" style=\"color: #000000;\">Gross Ram\u00edrez, D. A., Rodr\u00edguez San Esteban, P., Khanday, O. M., Ouellet, M., P\u00e9rez C\u00f3rdoba, J. L., &amp; Gonz\u00e1lez L\u00f3pez, J. A. (2025).<\/span><\/p>\n<p>XVII International Symposium of Psycholinguistics, Barcelona, Spain<\/p>\n<p>[\/et_pb_blurb][et_pb_button button_url=\u00bbhttps:\/\/aholab.ehu.eus\/deeprestore\/wp-content\/uploads\/2025\/11\/CongresoPsiconlingu\u0308i\u0301stica_Barcelona_Mayo2025_compressed.pdf\u00bb url_new_window=\u00bbon\u00bb button_text=\u00bbPublicaci\u00f3n\u00bb button_alignment=\u00bbcenter\u00bb _builder_version=\u00bb4.27.4&#8243; _module_preset=\u00bbdefault\u00bb custom_button=\u00bbon\u00bb button_text_size=\u00bb14px\u00bb button_text_color=\u00bbgcid-primary-color\u00bb button_bg_color=\u00bb#FFFFFF\u00bb button_border_width=\u00bb1px\u00bb button_icon=\u00bb&#xf15c;||fa||400&#8243; button_icon_placement=\u00bbleft\u00bb button_on_hover=\u00bboff\u00bb global_colors_info=\u00bb{%22gcid-primary-color%22:%91%22button_text_color%22,%22button_bg_color__hover%22%93}\u00bb button_bg_color__hover_enabled=\u00bbon|hover\u00bb button_text_color__hover_enabled=\u00bbon|hover\u00bb button_text_color__hover=\u00bb#FFFFFF\u00bb button_letter_spacing__hover_enabled=\u00bbon|hover\u00bb button_letter_spacing__hover=\u00bb1px\u00bb button_bg_color__hover=\u00bb#209fc2&#8243; button_bg_enable_color__hover=\u00bbon\u00bb][\/et_pb_button][\/et_pb_column][et_pb_column type=\u00bb1_4&#8243; _builder_version=\u00bb4.27.4&#8243; _module_preset=\u00bbdefault\u00bb global_colors_info=\u00bb{}\u00bb][et_pb_blurb title=\u00bbLa voz de la mente: Decodificaci\u00f3n del habla a partir del EEG usando aprendizaje profundo.\u00bb image=\u00bbhttps:\/\/aholab.ehu.eus\/deeprestore\/wp-content\/uploads\/2024\/09\/ICONO-PUBLICACION.webp\u00bb image_icon_width=\u00bb44%\u00bb _builder_version=\u00bb4.27.4&#8243; _module_preset=\u00bbdefault\u00bb header_text_align=\u00bbcenter\u00bb header_line_height=\u00bb1.2em\u00bb body_text_align=\u00bbcenter\u00bb animation=\u00bboff\u00bb custom_css_blurb_image=\u00bbmargin-bottom: -10px;\u00bb global_colors_info=\u00bb{}\u00bb]<\/p>\n<p><span data-olk-copy-source=\"MessageBody\" style=\"color: #000000;\">Gonzalez-Lopez, J. A., Khanday, O. M., Rodr\u00edguez-San Esteban, P., Ouellet, M., &amp; P\u00e9rez-C\u00f3rdoba, J. L. (2025)<\/span><\/p>\n<p>III Congreso Investigaci\u00f3n PTS Granada, Granada, Espa\u00f1a.<\/p>\n<p>[\/et_pb_blurb][et_pb_button button_url=\u00bbhttps:\/\/aholab.ehu.eus\/deeprestore\/wp-content\/uploads\/2025\/11\/Congreso_PTS_2025_poster_compressed-1.pdf\u00bb url_new_window=\u00bbon\u00bb button_text=\u00bbPublicaci\u00f3n\u00bb button_alignment=\u00bbcenter\u00bb _builder_version=\u00bb4.27.4&#8243; _module_preset=\u00bbdefault\u00bb custom_button=\u00bbon\u00bb button_text_size=\u00bb14px\u00bb button_text_color=\u00bbgcid-primary-color\u00bb button_bg_color=\u00bb#FFFFFF\u00bb button_border_width=\u00bb1px\u00bb button_icon=\u00bb&#xf15c;||fa||400&#8243; button_icon_placement=\u00bbleft\u00bb button_on_hover=\u00bboff\u00bb global_colors_info=\u00bb{%22gcid-primary-color%22:%91%22button_text_color%22,%22button_bg_color__hover%22%93}\u00bb button_bg_color__hover_enabled=\u00bbon|hover\u00bb button_text_color__hover_enabled=\u00bbon|hover\u00bb button_text_color__hover=\u00bb#FFFFFF\u00bb button_letter_spacing__hover_enabled=\u00bbon|hover\u00bb button_letter_spacing__hover=\u00bb1px\u00bb button_bg_color__hover=\u00bb#209fc2&#8243; button_bg_enable_color__hover=\u00bbon\u00bb][\/et_pb_button][\/et_pb_column][et_pb_column type=\u00bb1_4&#8243; _builder_version=\u00bb4.27.4&#8243; _module_preset=\u00bbdefault\u00bb global_colors_info=\u00bb{}\u00bb][et_pb_blurb title=\u00bbRecreating Neural Activity During Speech Production with Language and Speech Model Embeddings.\u00bb image=\u00bbhttps:\/\/aholab.ehu.eus\/deeprestore\/wp-content\/uploads\/2024\/09\/ICONO-PUBLICACION.webp\u00bb image_icon_width=\u00bb44%\u00bb _builder_version=\u00bb4.27.4&#8243; _module_preset=\u00bbdefault\u00bb header_text_align=\u00bbcenter\u00bb header_line_height=\u00bb1.2em\u00bb body_text_align=\u00bbcenter\u00bb animation=\u00bboff\u00bb custom_css_blurb_image=\u00bbmargin-bottom: -10px;\u00bb global_colors_info=\u00bb{}\u00bb]<\/p>\n<p>Khanday, O.M., Esteban, P.R.S., Lone, Z.A., Ouellet, M., Gonzalez-Lopez, J.A.<\/p>\n<p>Proc. Interspeech 2025, 5553-5557,<br \/>doi: <a href=\"https:\/\/www.isca-archive.org\/interspeech_2025\/khanday25_interspeech.html#\">10.21437\/Interspeech.2025-1400<\/a><\/p>\n<p>[\/et_pb_blurb][et_pb_button button_url=\u00bbhttps:\/\/www.isca-archive.org\/interspeech_2025\/khanday25_interspeech.pdf\u00bb url_new_window=\u00bbon\u00bb button_text=\u00bbPublicaci\u00f3n\u00bb button_alignment=\u00bbcenter\u00bb _builder_version=\u00bb4.27.4&#8243; _module_preset=\u00bbdefault\u00bb custom_button=\u00bbon\u00bb button_text_size=\u00bb14px\u00bb button_text_color=\u00bbgcid-primary-color\u00bb button_bg_color=\u00bb#FFFFFF\u00bb button_border_width=\u00bb1px\u00bb button_icon=\u00bb&#xf15c;||fa||400&#8243; button_icon_placement=\u00bbleft\u00bb button_on_hover=\u00bboff\u00bb global_colors_info=\u00bb{%22gcid-primary-color%22:%91%22button_text_color%22,%22button_bg_color__hover%22%93}\u00bb button_bg_color__hover_enabled=\u00bbon|hover\u00bb button_text_color__hover_enabled=\u00bbon|hover\u00bb button_text_color__hover=\u00bb#FFFFFF\u00bb button_letter_spacing__hover_enabled=\u00bbon|hover\u00bb button_letter_spacing__hover=\u00bb1px\u00bb button_bg_color__hover=\u00bb#209fc2&#8243; button_bg_enable_color__hover=\u00bbon\u00bb][\/et_pb_button][\/et_pb_column][et_pb_column type=\u00bb1_4&#8243; _builder_version=\u00bb4.27.4&#8243; _module_preset=\u00bbdefault\u00bb global_colors_info=\u00bb{}\u00bb][et_pb_blurb title=\u00bbNeuroIncept Decoder for High-Fidelity Speech Reconstruction from Neural Activity.\u00bb image=\u00bbhttps:\/\/aholab.ehu.eus\/deeprestore\/wp-content\/uploads\/2024\/09\/ICONO-PUBLICACION.webp\u00bb image_icon_width=\u00bb44%\u00bb _builder_version=\u00bb4.27.4&#8243; _module_preset=\u00bbdefault\u00bb header_text_align=\u00bbcenter\u00bb header_line_height=\u00bb1.2em\u00bb body_text_align=\u00bbcenter\u00bb animation=\u00bboff\u00bb custom_css_blurb_image=\u00bbmargin-bottom: -10px;\u00bb global_colors_info=\u00bb{}\u00bb]<\/p>\n<p>Khanday, O. M., P\u00e9rez-C\u00f3rdoba, J. L., Mir, M. Y., Najar, A. A., &#038; Gonzalez-Lopez, J. A.<\/p>\n<p>2025 IEEE International Conference on Acoustics, Speech and Signal Processing (ICASSP) (pp. 1-5) (2025)<br \/>\ndoi: <a href=\"https:\/\/doi.org\/10.1109\/ICASSP49660.2025.10888547\">https:\/\/doi.org\/10.1109\/ICASSP49660.2025.10888547<\/a><\/p>\n<p>[\/et_pb_blurb][\/et_pb_column][\/et_pb_row][et_pb_row column_structure=\u00bb1_4,1_4,1_4,1_4&#8243; make_equal=\u00bbon\u00bb _builder_version=\u00bb4.27.0&#8243; _module_preset=\u00bbdefault\u00bb global_colors_info=\u00bb{}\u00bb][et_pb_column type=\u00bb1_4&#8243; _builder_version=\u00bb4.26.0&#8243; _module_preset=\u00bbdefault\u00bb global_colors_info=\u00bb{}\u00bb][et_pb_blurb title=\u00bbNeural representation of consciously seen and unseen information.\u00bb image=\u00bbhttps:\/\/aholab.ehu.eus\/deeprestore\/wp-content\/uploads\/2024\/09\/ICONO-PUBLICACION.webp\u00bb image_icon_width=\u00bb44%\u00bb _builder_version=\u00bb4.27.4&#8243; _module_preset=\u00bbdefault\u00bb header_text_align=\u00bbcenter\u00bb header_line_height=\u00bb1.2em\u00bb body_text_align=\u00bbcenter\u00bb animation=\u00bboff\u00bb custom_css_blurb_image=\u00bbmargin-bottom: -10px;\u00bb global_colors_info=\u00bb{}\u00bb]<\/p>\n<p>Rodr\u00edguez-San Esteban, P., Gonzalez-Lopez, J. A., &amp; Chica, A. B.<\/p>\n<p>Scientific Reports, 15(1), 7888. (2025)<br \/>\ndoi: <a href=\"https:\/\/doi.org\/10.1038\/s41598-025-92490-y\">https:\/\/doi.org\/10.1038\/s41598-025-92490-y<\/a><\/p>\n<p>[\/et_pb_blurb][et_pb_button button_url=\u00bbhttps:\/\/www.nature.com\/articles\/s41598-025-92490-y.pdf\u00bb url_new_window=\u00bbon\u00bb button_text=\u00bbPublicaci\u00f3n\u00bb button_alignment=\u00bbcenter\u00bb _builder_version=\u00bb4.27.4&#8243; _module_preset=\u00bbdefault\u00bb custom_button=\u00bbon\u00bb button_text_size=\u00bb14px\u00bb button_text_color=\u00bbgcid-primary-color\u00bb button_bg_color=\u00bb#FFFFFF\u00bb button_border_width=\u00bb1px\u00bb button_icon=\u00bb&#xf15c;||fa||400&#8243; button_icon_placement=\u00bbleft\u00bb button_on_hover=\u00bboff\u00bb global_colors_info=\u00bb{%22gcid-primary-color%22:%91%22button_text_color%22,%22button_bg_color__hover%22%93}\u00bb button_bg_color__hover_enabled=\u00bbon|hover\u00bb button_text_color__hover_enabled=\u00bbon|hover\u00bb button_text_color__hover=\u00bb#FFFFFF\u00bb button_letter_spacing__hover_enabled=\u00bbon|hover\u00bb button_letter_spacing__hover=\u00bb1px\u00bb button_bg_color__hover=\u00bb#209fc2&#8243; button_bg_enable_color__hover=\u00bbon\u00bb][\/et_pb_button][\/et_pb_column][et_pb_column type=\u00bb1_4&#8243; _builder_version=\u00bb4.26.0&#8243; _module_preset=\u00bbdefault\u00bb global_colors_info=\u00bb{}\u00bb][et_pb_blurb title=\u00bbElectrode Setup for Electromyography-Based Silent Speech Interfaces: A Pilot Study.\u00bb image=\u00bbhttps:\/\/aholab.ehu.eus\/deeprestore\/wp-content\/uploads\/2024\/09\/ICONO-PUBLICACION.webp\u00bb image_icon_width=\u00bb44%\u00bb _builder_version=\u00bb4.27.4&#8243; _module_preset=\u00bbdefault\u00bb header_text_align=\u00bbcenter\u00bb header_line_height=\u00bb1.2em\u00bb body_text_align=\u00bbcenter\u00bb animation=\u00bboff\u00bb custom_css_blurb_image=\u00bbmargin-bottom: -10px;\u00bb global_colors_info=\u00bb{}\u00bb]<\/p>\n<p>Salomons, I., del Blanco, E., Navas, E., &amp; Hern\u00e1ez, I. (2025)<\/p>\n<p>Sensors, 25(3), 781.<\/p>\n<p>[\/et_pb_blurb][et_pb_button button_url=\u00bbhttps:\/\/doi.org\/10.3390\/s25030781&#8243; url_new_window=\u00bbon\u00bb button_text=\u00bbPublicaci\u00f3n\u00bb button_alignment=\u00bbcenter\u00bb _builder_version=\u00bb4.27.4&#8243; _module_preset=\u00bbdefault\u00bb custom_button=\u00bbon\u00bb button_text_size=\u00bb14px\u00bb button_text_color=\u00bbgcid-primary-color\u00bb button_bg_color=\u00bb#FFFFFF\u00bb button_border_width=\u00bb1px\u00bb button_icon=\u00bb&#xf15c;||fa||400&#8243; button_icon_placement=\u00bbleft\u00bb button_on_hover=\u00bboff\u00bb global_colors_info=\u00bb{%22gcid-primary-color%22:%91%22button_text_color%22,%22button_bg_color__hover%22%93}\u00bb button_bg_color__hover_enabled=\u00bbon|hover\u00bb button_text_color__hover_enabled=\u00bbon|hover\u00bb button_text_color__hover=\u00bb#FFFFFF\u00bb button_letter_spacing__hover_enabled=\u00bbon|hover\u00bb button_letter_spacing__hover=\u00bb1px\u00bb button_bg_color__hover=\u00bb#209fc2&#8243; button_bg_enable_color__hover=\u00bbon\u00bb][\/et_pb_button][\/et_pb_column][et_pb_column type=\u00bb1_4&#8243; _builder_version=\u00bb4.26.0&#8243; _module_preset=\u00bbdefault\u00bb global_colors_info=\u00bb{}\u00bb][et_pb_blurb title=\u00bbIntelligent audio-based signal processing for automatic detection of obstructive sleep apnea.\u00bb image=\u00bbhttps:\/\/aholab.ehu.eus\/deeprestore\/wp-content\/uploads\/2024\/09\/ICONO-PUBLICACION.webp\u00bb image_icon_width=\u00bb44%\u00bb _builder_version=\u00bb4.27.4&#8243; _module_preset=\u00bbdefault\u00bb header_text_align=\u00bbcenter\u00bb header_line_height=\u00bb1.2em\u00bb body_text_align=\u00bbcenter\u00bb animation=\u00bboff\u00bb custom_css_blurb_image=\u00bbmargin-bottom: -10px;\u00bb global_colors_info=\u00bb{}\u00bb]<\/p>\n<p>Velasco, M., Ma, N., Gonzalez-Lopez, J.A. (2024) <\/p>\n<p>Proc. IberSPEECH 2024, 136-140[\/et_pb_blurb][et_pb_button button_url=\u00bbhttps:\/\/doi.org\/10.21437\/IberSPEECH.2024-28&#8243; url_new_window=\u00bbon\u00bb button_text=\u00bbPublicaci\u00f3n\u00bb button_alignment=\u00bbcenter\u00bb _builder_version=\u00bb4.27.4&#8243; _module_preset=\u00bbdefault\u00bb custom_button=\u00bbon\u00bb button_text_size=\u00bb14px\u00bb button_text_color=\u00bbgcid-primary-color\u00bb button_bg_color=\u00bb#FFFFFF\u00bb button_border_width=\u00bb1px\u00bb button_icon=\u00bb&#xf15c;||fa||400&#8243; button_icon_placement=\u00bbleft\u00bb button_on_hover=\u00bboff\u00bb global_colors_info=\u00bb{%22gcid-primary-color%22:%91%22button_text_color%22,%22button_bg_color__hover%22%93}\u00bb button_bg_color__hover_enabled=\u00bbon|hover\u00bb button_text_color__hover_enabled=\u00bbon|hover\u00bb button_text_color__hover=\u00bb#FFFFFF\u00bb button_letter_spacing__hover_enabled=\u00bbon|hover\u00bb button_letter_spacing__hover=\u00bb1px\u00bb button_bg_color__hover=\u00bb#209fc2&#8243; button_bg_enable_color__hover=\u00bbon\u00bb][\/et_pb_button][\/et_pb_column][et_pb_column type=\u00bb1_4&#8243; _builder_version=\u00bb4.26.0&#8243; _module_preset=\u00bbdefault\u00bb global_colors_info=\u00bb{}\u00bb][et_pb_blurb title=\u00bbComparative Analysis of Power Dynamics from Invasive EEG Recordings During Overt and Covert Speech Production in Epilepsy Patients\u00bb image=\u00bbhttps:\/\/aholab.ehu.eus\/deeprestore\/wp-content\/uploads\/2024\/09\/ICONO-PUBLICACION.webp\u00bb image_icon_width=\u00bb44%\u00bb _builder_version=\u00bb4.27.4&#8243; _module_preset=\u00bbdefault\u00bb header_text_align=\u00bbcenter\u00bb header_line_height=\u00bb1.2em\u00bb body_text_align=\u00bbcenter\u00bb animation=\u00bboff\u00bb custom_css_blurb_image=\u00bbmargin-bottom: -10px;\u00bb global_colors_info=\u00bb{}\u00bb]<\/p>\n<p>Sbaih, A.H., Ouellet, M., P\u00e9rez-C\u00f3rdoba, J.L., Raman, S., Chica, A.B., Khanday, O.M., Gald\u00f3n, A., Olivares, G., Gonzalez-Lopez, J.A. (2024)<\/p>\n<p> Proc. IberSPEECH 2024, 36-40[\/et_pb_blurb][et_pb_button button_url=\u00bbhttps:\/\/doi.org\/10.21437\/IberSPEECH.2024-8&#8243; url_new_window=\u00bbon\u00bb button_text=\u00bbPublicaci\u00f3n\u00bb button_alignment=\u00bbcenter\u00bb _builder_version=\u00bb4.27.4&#8243; _module_preset=\u00bbdefault\u00bb custom_button=\u00bbon\u00bb button_text_size=\u00bb14px\u00bb button_text_color=\u00bbgcid-primary-color\u00bb button_bg_color=\u00bb#FFFFFF\u00bb button_border_width=\u00bb1px\u00bb button_icon=\u00bb&#xf15c;||fa||400&#8243; button_icon_placement=\u00bbleft\u00bb button_on_hover=\u00bboff\u00bb global_colors_info=\u00bb{%22gcid-primary-color%22:%91%22button_text_color%22,%22button_bg_color__hover%22%93}\u00bb button_bg_color__hover_enabled=\u00bbon|hover\u00bb button_text_color__hover_enabled=\u00bbon|hover\u00bb button_text_color__hover=\u00bb#FFFFFF\u00bb button_letter_spacing__hover_enabled=\u00bbon|hover\u00bb button_letter_spacing__hover=\u00bb1px\u00bb button_bg_color__hover=\u00bb#209fc2&#8243; button_bg_enable_color__hover=\u00bbon\u00bb][\/et_pb_button][\/et_pb_column][\/et_pb_row][et_pb_row column_structure=\u00bb1_4,1_4,1_4,1_4&#8243; make_equal=\u00bbon\u00bb _builder_version=\u00bb4.27.0&#8243; _module_preset=\u00bbdefault\u00bb global_colors_info=\u00bb{}\u00bb][et_pb_column type=\u00bb1_4&#8243; _builder_version=\u00bb4.26.0&#8243; _module_preset=\u00bbdefault\u00bb global_colors_info=\u00bb{}\u00bb][et_pb_blurb title=\u00bbDirect Speech Synthesis from Non-audible Speech Biosignals: A Comparative Study\u00bb image=\u00bbhttps:\/\/aholab.ehu.eus\/deeprestore\/wp-content\/uploads\/2024\/09\/ICONO-PUBLICACION.webp\u00bb image_icon_width=\u00bb44%\u00bb _builder_version=\u00bb4.27.4&#8243; _module_preset=\u00bbdefault\u00bb header_text_align=\u00bbcenter\u00bb header_line_height=\u00bb1.2em\u00bb body_text_align=\u00bbcenter\u00bb animation=\u00bboff\u00bb custom_css_blurb_image=\u00bbmargin-bottom: -10px;\u00bb global_colors_info=\u00bb{}\u00bb]<\/p>\n<p>Lobato Mart\u00edn, J., P\u00e9rez C\u00f3rdoba, J.L., Gonzalez-Lopez, J.A. (2024)<\/p>\n<p>Proc. IberSPEECH 2024, 86-90[\/et_pb_blurb][et_pb_button button_url=\u00bbhttps:\/\/doi.org\/10.21437\/IberSPEECH.2024-18&#8243; url_new_window=\u00bbon\u00bb button_text=\u00bbPublicaci\u00f3n\u00bb button_alignment=\u00bbcenter\u00bb _builder_version=\u00bb4.27.4&#8243; _module_preset=\u00bbdefault\u00bb custom_button=\u00bbon\u00bb button_text_size=\u00bb14px\u00bb button_text_color=\u00bbgcid-primary-color\u00bb button_bg_color=\u00bb#FFFFFF\u00bb button_border_width=\u00bb1px\u00bb button_icon=\u00bb&#xf15c;||fa||400&#8243; button_icon_placement=\u00bbleft\u00bb button_on_hover=\u00bboff\u00bb global_colors_info=\u00bb{%22gcid-primary-color%22:%91%22button_text_color%22,%22button_bg_color__hover%22%93}\u00bb button_bg_color__hover_enabled=\u00bbon|hover\u00bb button_text_color__hover_enabled=\u00bbon|hover\u00bb button_text_color__hover=\u00bb#FFFFFF\u00bb button_letter_spacing__hover_enabled=\u00bbon|hover\u00bb button_letter_spacing__hover=\u00bb1px\u00bb button_bg_color__hover=\u00bb#209fc2&#8243; button_bg_enable_color__hover=\u00bbon\u00bb][\/et_pb_button][\/et_pb_column][et_pb_column type=\u00bb1_4&#8243; _builder_version=\u00bb4.26.0&#8243; _module_preset=\u00bbdefault\u00bb global_colors_info=\u00bb{}\u00bb][et_pb_blurb title=\u00bbDecoding the Mind: Neural Differences and Semantic Representation in Perception and Imagination Across Modalities\u00bb image=\u00bbhttps:\/\/aholab.ehu.eus\/deeprestore\/wp-content\/uploads\/2024\/09\/ICONO-PUBLICACION.webp\u00bb image_icon_width=\u00bb44%\u00bb _builder_version=\u00bb4.27.4&#8243; _module_preset=\u00bbdefault\u00bb header_text_align=\u00bbcenter\u00bb header_line_height=\u00bb1.2em\u00bb body_text_align=\u00bbcenter\u00bb animation=\u00bboff\u00bb custom_css_blurb_image=\u00bbmargin-bottom: -10px;\u00bb global_colors_info=\u00bb{}\u00bb]<\/p>\n<p>Khanday, O.M., Ouellet, M., P\u00e9rez-C\u00f3rdoba, J.L., Sbaih, A.H., Miccoli, L., Gonzalez-Lopez, J.A. (2024)<\/p>\n<p>Proc. IberSPEECH 2024, 126-130[\/et_pb_blurb][et_pb_button button_url=\u00bbhttps:\/\/doi.org\/10.21437\/IberSPEECH.2024-26&#8243; url_new_window=\u00bbon\u00bb button_text=\u00bbPublicaci\u00f3n\u00bb button_alignment=\u00bbcenter\u00bb _builder_version=\u00bb4.27.4&#8243; _module_preset=\u00bbdefault\u00bb custom_button=\u00bbon\u00bb button_text_size=\u00bb14px\u00bb button_text_color=\u00bbgcid-primary-color\u00bb button_bg_color=\u00bb#FFFFFF\u00bb button_border_width=\u00bb1px\u00bb button_icon=\u00bb&#xf15c;||fa||400&#8243; button_icon_placement=\u00bbleft\u00bb button_on_hover=\u00bboff\u00bb global_colors_info=\u00bb{%22gcid-primary-color%22:%91%22button_text_color%22,%22button_bg_color__hover%22%93}\u00bb button_bg_color__hover_enabled=\u00bbon|hover\u00bb button_text_color__hover_enabled=\u00bbon|hover\u00bb button_text_color__hover=\u00bb#FFFFFF\u00bb button_letter_spacing__hover_enabled=\u00bbon|hover\u00bb button_letter_spacing__hover=\u00bb1px\u00bb button_bg_color__hover=\u00bb#209fc2&#8243; button_bg_enable_color__hover=\u00bbon\u00bb][\/et_pb_button][\/et_pb_column][et_pb_column type=\u00bb1_4&#8243; _builder_version=\u00bb4.26.0&#8243; _module_preset=\u00bbdefault\u00bb global_colors_info=\u00bb{}\u00bb][et_pb_blurb title=\u00bbAnalyzing Speech Muscle Activity Using Generalized Additive Modeling\u00bb image=\u00bbhttps:\/\/aholab.ehu.eus\/deeprestore\/wp-content\/uploads\/2024\/09\/ICONO-PUBLICACION.webp\u00bb image_icon_width=\u00bb44%\u00bb _builder_version=\u00bb4.27.0&#8243; _module_preset=\u00bbdefault\u00bb header_text_align=\u00bbcenter\u00bb header_line_height=\u00bb1.2em\u00bb body_text_align=\u00bbcenter\u00bb animation=\u00bboff\u00bb custom_css_blurb_image=\u00bbmargin-bottom: -10px;\u00bb global_colors_info=\u00bb{}\u00bb]<\/p>\n<p>Salomons, I., Hern\u00e1ez, I., Navas, E., Wieling, M. (2024) Proc. IberSPEECH 2024, 121-125, doi: 10.21437\/IberSPEECH.2024-25<\/p>\n<p>[\/et_pb_blurb][et_pb_button button_url=\u00bbhttps:\/\/www.isca-archive.org\/iberspeech_2024\/salomons24_iberspeech.html#\u00bb url_new_window=\u00bbon\u00bb button_text=\u00bbPublicaci\u00f3n\u00bb button_alignment=\u00bbcenter\u00bb _builder_version=\u00bb4.27.2&#8243; _module_preset=\u00bbdefault\u00bb custom_button=\u00bbon\u00bb button_text_size=\u00bb14px\u00bb button_text_color=\u00bbgcid-primary-color\u00bb button_bg_color=\u00bb#FFFFFF\u00bb button_border_width=\u00bb1px\u00bb button_icon=\u00bb&#xf15c;||fa||400&#8243; button_icon_placement=\u00bbleft\u00bb button_on_hover=\u00bboff\u00bb global_colors_info=\u00bb{%22gcid-primary-color%22:%91%22button_text_color%22,%22button_bg_color__hover%22%93}\u00bb button_bg_color__hover_enabled=\u00bbon|hover\u00bb button_text_color__hover_enabled=\u00bbon|hover\u00bb button_text_color__hover=\u00bb#FFFFFF\u00bb button_letter_spacing__hover_enabled=\u00bbon|hover\u00bb button_letter_spacing__hover=\u00bb1px\u00bb button_bg_color__hover=\u00bb#209fc2&#8243; button_bg_enable_color__hover=\u00bbon\u00bb][\/et_pb_button][\/et_pb_column][et_pb_column type=\u00bb1_4&#8243; _builder_version=\u00bb4.26.0&#8243; _module_preset=\u00bbdefault\u00bb global_colors_info=\u00bb{}\u00bb][et_pb_blurb title=\u00bbComparative Analysis of Mono-speaker and Multi-speaker Models for EMG-to-Speech Conversion\u00bb image=\u00bbhttps:\/\/aholab.ehu.eus\/deeprestore\/wp-content\/uploads\/2024\/09\/ICONO-PUBLICACION.webp\u00bb image_icon_width=\u00bb44%\u00bb _builder_version=\u00bb4.27.0&#8243; _module_preset=\u00bbdefault\u00bb header_text_align=\u00bbcenter\u00bb header_line_height=\u00bb1.2em\u00bb body_text_align=\u00bbcenter\u00bb animation=\u00bboff\u00bb custom_css_blurb_image=\u00bbmargin-bottom: -10px;\u00bb global_colors_info=\u00bb{}\u00bb]<\/p>\n<p>del Blanco, E., Salomons, I., Garc\u00eda, V., Navas, E., Hern\u00e1ez, I. (2024) Proc. IberSPEECH 2024, 81-85, doi: 10.21437\/IberSPEECH.2024-17<\/p>\n<p>[\/et_pb_blurb][et_pb_button button_url=\u00bbhttps:\/\/www.isca-archive.org\/iberspeech_2024\/delblanco24_iberspeech.html#\u00bb url_new_window=\u00bbon\u00bb button_text=\u00bbPublicaci\u00f3n\u00bb button_alignment=\u00bbcenter\u00bb _builder_version=\u00bb4.27.2&#8243; _module_preset=\u00bbdefault\u00bb custom_button=\u00bbon\u00bb button_text_size=\u00bb14px\u00bb button_text_color=\u00bbgcid-primary-color\u00bb button_bg_color=\u00bb#FFFFFF\u00bb button_border_width=\u00bb1px\u00bb button_icon=\u00bb&#xf15c;||fa||400&#8243; button_icon_placement=\u00bbleft\u00bb button_on_hover=\u00bboff\u00bb global_colors_info=\u00bb{%22gcid-primary-color%22:%91%22button_text_color%22,%22button_bg_color__hover%22%93}\u00bb button_bg_color__hover_enabled=\u00bbon|hover\u00bb button_text_color__hover_enabled=\u00bbon|hover\u00bb button_text_color__hover=\u00bb#FFFFFF\u00bb button_letter_spacing__hover_enabled=\u00bbon|hover\u00bb button_letter_spacing__hover=\u00bb1px\u00bb button_bg_color__hover=\u00bb#209fc2&#8243; button_bg_enable_color__hover=\u00bbon\u00bb][\/et_pb_button][\/et_pb_column][\/et_pb_row][et_pb_row column_structure=\u00bb1_4,1_4,1_4,1_4&#8243; make_equal=\u00bbon\u00bb _builder_version=\u00bb4.27.0&#8243; _module_preset=\u00bbdefault\u00bb global_colors_info=\u00bb{}\u00bb][et_pb_column type=\u00bb1_4&#8243; _builder_version=\u00bb4.26.0&#8243; _module_preset=\u00bbdefault\u00bb global_colors_info=\u00bb{}\u00bb][et_pb_blurb title=\u00bbUnlocking Speech: Brain-Computer Interfaces for Communication Restoration in Speech Disorders\u00bb image=\u00bbhttps:\/\/aholab.ehu.eus\/deeprestore\/wp-content\/uploads\/2024\/09\/ICONO-PUBLICACION.webp\u00bb image_icon_width=\u00bb44%\u00bb _builder_version=\u00bb4.27.4&#8243; _module_preset=\u00bbdefault\u00bb header_text_align=\u00bbcenter\u00bb header_line_height=\u00bb1.2em\u00bb body_text_align=\u00bbcenter\u00bb animation=\u00bboff\u00bb custom_css_blurb_image=\u00bbmargin-bottom: -10px;\u00bb global_colors_info=\u00bb{}\u00bb]<\/p>\n<p>Vales Cortina, I., Miccoli, L., Ouellet, M., Khanday, O.M., Sbaih, A, P\u00e9rez-Cordoba, J.L., Gonzalez-Lopez, J.A. (2024)<\/p>\n<p>XIV Congress of the Spanish Society for Experimental Psychology (SEPEX 2024), Almer\u00eda, 23-25 October.[\/et_pb_blurb][\/et_pb_column][et_pb_column type=\u00bb1_4&#8243; _builder_version=\u00bb4.26.0&#8243; _module_preset=\u00bbdefault\u00bb global_colors_info=\u00bb{}\u00bb][et_pb_blurb title=\u00bbSpecial Issue on Applications of Speech and Language Technologies in Healthcare\u00bb image=\u00bbhttps:\/\/aholab.ehu.eus\/deeprestore\/wp-content\/uploads\/2024\/09\/ICONO-PUBLICACION.webp\u00bb image_icon_width=\u00bb44%\u00bb _builder_version=\u00bb4.27.0&#8243; _module_preset=\u00bbdefault\u00bb header_text_align=\u00bbcenter\u00bb header_line_height=\u00bb1.2em\u00bb body_text_align=\u00bbcenter\u00bb animation=\u00bboff\u00bb custom_css_blurb_image=\u00bbmargin-bottom: -10px;\u00bb global_colors_info=\u00bb{}\u00bb]<\/p>\n<p>Hern\u00e1ez Rioja I., Gonzalez Lopez J.A., Christensen H. (2023)<\/p>\n<p>[\/et_pb_blurb][et_pb_button button_url=\u00bbhttps:\/\/doi.org\/10.3390\/app13116840&#8243; url_new_window=\u00bbon\u00bb button_text=\u00bbPublicaci\u00f3n\u00bb button_alignment=\u00bbcenter\u00bb _builder_version=\u00bb4.27.4&#8243; _module_preset=\u00bbdefault\u00bb custom_button=\u00bbon\u00bb button_text_size=\u00bb14px\u00bb button_text_color=\u00bbgcid-primary-color\u00bb button_bg_color=\u00bb#FFFFFF\u00bb button_border_width=\u00bb1px\u00bb button_icon=\u00bb&#xf15c;||fa||400&#8243; button_icon_placement=\u00bbleft\u00bb button_on_hover=\u00bboff\u00bb global_colors_info=\u00bb{%22gcid-primary-color%22:%91%22button_text_color%22,%22button_bg_color__hover%22%93}\u00bb button_bg_color__hover_enabled=\u00bbon|hover\u00bb button_text_color__hover_enabled=\u00bbon|hover\u00bb button_text_color__hover=\u00bb#FFFFFF\u00bb button_letter_spacing__hover_enabled=\u00bbon|hover\u00bb button_letter_spacing__hover=\u00bb1px\u00bb button_bg_color__hover=\u00bb#209fc2&#8243; button_bg_enable_color__hover=\u00bbon\u00bb][\/et_pb_button][\/et_pb_column][et_pb_column type=\u00bb1_4&#8243; _builder_version=\u00bb4.26.0&#8243; _module_preset=\u00bbdefault\u00bb global_colors_info=\u00bb{}\u00bb][et_pb_blurb title=\u00bbSpanish Phone Confusion Analysis for EMG-Based Silent Speech Interfaces. \u00bb image=\u00bbhttps:\/\/aholab.ehu.eus\/deeprestore\/wp-content\/uploads\/2024\/09\/ICONO-PUBLICACION.webp\u00bb image_icon_width=\u00bb44%\u00bb _builder_version=\u00bb4.27.4&#8243; _module_preset=\u00bbdefault\u00bb header_text_align=\u00bbcenter\u00bb header_line_height=\u00bb1.2em\u00bb body_text_align=\u00bbcenter\u00bb animation=\u00bboff\u00bb custom_css_blurb_image=\u00bbmargin-bottom: -10px;\u00bb global_colors_info=\u00bb{}\u00bb]<\/p>\n<p>Salomons, I., del Blanco, E., Navas, E., Hern\u00e1ez, I. (2023) <\/p>\n<p>Proc. INTERSPEECH 2023, 1179-1183, [\/et_pb_blurb][et_pb_button button_url=\u00bbhttps:\/\/www.isca-archive.org\/interspeech_2023\/salomons23_interspeech.html\u00bb url_new_window=\u00bbon\u00bb button_text=\u00bbPublicaci\u00f3n\u00bb button_alignment=\u00bbcenter\u00bb _builder_version=\u00bb4.27.2&#8243; _module_preset=\u00bbdefault\u00bb custom_button=\u00bbon\u00bb button_text_size=\u00bb14px\u00bb button_text_color=\u00bbgcid-primary-color\u00bb button_bg_color=\u00bb#FFFFFF\u00bb button_border_width=\u00bb1px\u00bb button_icon=\u00bb&#xf15c;||fa||400&#8243; button_icon_placement=\u00bbleft\u00bb button_on_hover=\u00bboff\u00bb global_colors_info=\u00bb{%22gcid-primary-color%22:%91%22button_text_color%22,%22button_bg_color__hover%22%93}\u00bb button_bg_color__hover_enabled=\u00bbon|hover\u00bb button_text_color__hover_enabled=\u00bbon|hover\u00bb button_text_color__hover=\u00bb#FFFFFF\u00bb button_letter_spacing__hover_enabled=\u00bbon|hover\u00bb button_letter_spacing__hover=\u00bb1px\u00bb button_bg_color__hover=\u00bb#209fc2&#8243; button_bg_enable_color__hover=\u00bbon\u00bb][\/et_pb_button][\/et_pb_column][et_pb_column type=\u00bb1_4&#8243; _builder_version=\u00bb4.26.0&#8243; _module_preset=\u00bbdefault\u00bb global_colors_info=\u00bb{}\u00bb][et_pb_blurb title=\u00bbFrame-Based Phone Classification Using EMG Signals \u00bb image=\u00bbhttps:\/\/aholab.ehu.eus\/deeprestore\/wp-content\/uploads\/2024\/09\/ICONO-PUBLICACION.webp\u00bb image_icon_width=\u00bb44%\u00bb _builder_version=\u00bb4.27.4&#8243; _module_preset=\u00bbdefault\u00bb header_text_align=\u00bbcenter\u00bb header_line_height=\u00bb1.2em\u00bb body_text_align=\u00bbcenter\u00bb animation=\u00bboff\u00bb custom_css_blurb_image=\u00bbmargin-bottom: -10px;\u00bb global_colors_info=\u00bb{}\u00bb]<\/p>\n<p>Inge Salomons, Eder del Blanco, Eva Navas, Inma Hern\u00e1ez, Xabier de Zuazo (2023) <\/p>\n<p>Applied Sciences 2023, 13(13), 7746[\/et_pb_blurb][et_pb_button button_url=\u00bbhttps:\/\/doi.org\/10.3390\/app13137746&#8243; url_new_window=\u00bbon\u00bb button_text=\u00bbPublicaci\u00f3n\u00bb button_alignment=\u00bbcenter\u00bb _builder_version=\u00bb4.27.4&#8243; _module_preset=\u00bbdefault\u00bb custom_button=\u00bbon\u00bb button_text_size=\u00bb14px\u00bb button_text_color=\u00bbgcid-primary-color\u00bb button_bg_color=\u00bb#FFFFFF\u00bb button_border_width=\u00bb1px\u00bb button_icon=\u00bb&#xf15c;||fa||400&#8243; button_icon_placement=\u00bbleft\u00bb button_on_hover=\u00bboff\u00bb global_colors_info=\u00bb{%22gcid-primary-color%22:%91%22button_text_color%22,%22button_bg_color__hover%22%93}\u00bb button_bg_color__hover_enabled=\u00bbon|hover\u00bb button_text_color__hover_enabled=\u00bbon|hover\u00bb button_text_color__hover=\u00bb#FFFFFF\u00bb button_letter_spacing__hover_enabled=\u00bbon|hover\u00bb button_letter_spacing__hover=\u00bb1px\u00bb button_bg_color__hover=\u00bb#209fc2&#8243; button_bg_enable_color__hover=\u00bbon\u00bb][\/et_pb_button][\/et_pb_column][\/et_pb_row][et_pb_row column_structure=\u00bb1_4,1_4,1_4,1_4&#8243; _builder_version=\u00bb4.27.4&#8243; _module_preset=\u00bbdefault\u00bb hover_enabled=\u00bb0&#8243; global_colors_info=\u00bb{}\u00bb sticky_enabled=\u00bb0&#8243;][et_pb_column type=\u00bb1_4&#8243; _builder_version=\u00bb4.27.4&#8243; _module_preset=\u00bbdefault\u00bb global_colors_info=\u00bb{}\u00bb][et_pb_blurb title=\u00bbClinical Applications of Neuroscience: Locating Language Areas in Epileptic Patients and Restoring Speech in Paralyzed People.\u00bb image=\u00bbhttps:\/\/aholab.ehu.eus\/deeprestore\/wp-content\/uploads\/2024\/09\/ICONO-PUBLICACION.webp\u00bb image_icon_width=\u00bb44%\u00bb _builder_version=\u00bb4.27.4&#8243; _module_preset=\u00bbdefault\u00bb header_text_align=\u00bbcenter\u00bb header_line_height=\u00bb1.2em\u00bb body_text_align=\u00bbcenter\u00bb animation=\u00bboff\u00bb custom_css_blurb_image=\u00bbmargin-bottom: -10px;\u00bb global_colors_info=\u00bb{}\u00bb]<\/p>\n<p>Jose Andres Gonzalez Lopez, Alberto Gald\u00f3n, Gonzalo Olivares, Sneha Raman, David Murcia, Daniela Paolieri, Pedro Macizo, Jos\u00e9 L. P\u00e9rez-C\u00f3rdoba, Antonio M. Peinado, Angel Gomez, Victoria E. Sanchez, Ana B. Chica<\/p>\n<p> Proc. IberSPEECH 2022, 246-250[\/et_pb_blurb][et_pb_button button_url=\u00bbhttps:\/\/www.isca-archive.org\/iberspeech_2022\/gonzalezlopez22_iberspeech.html\u00bb url_new_window=\u00bbon\u00bb button_text=\u00bbPublicaci\u00f3n\u00bb button_alignment=\u00bbcenter\u00bb _builder_version=\u00bb4.27.4&#8243; _module_preset=\u00bbdefault\u00bb custom_button=\u00bbon\u00bb button_text_size=\u00bb14px\u00bb button_text_color=\u00bbgcid-primary-color\u00bb button_bg_color=\u00bb#FFFFFF\u00bb button_border_width=\u00bb1px\u00bb button_icon=\u00bb&#xf15c;||fa||400&#8243; button_icon_placement=\u00bbleft\u00bb button_on_hover=\u00bboff\u00bb global_colors_info=\u00bb{%22gcid-primary-color%22:%91%22button_text_color%22,%22button_bg_color__hover%22%93}\u00bb button_bg_color__hover_enabled=\u00bbon|hover\u00bb button_text_color__hover_enabled=\u00bbon|hover\u00bb button_text_color__hover=\u00bb#FFFFFF\u00bb button_letter_spacing__hover_enabled=\u00bbon|hover\u00bb button_letter_spacing__hover=\u00bb1px\u00bb button_bg_color__hover=\u00bb#209fc2&#8243; button_bg_enable_color__hover=\u00bbon\u00bb][\/et_pb_button][\/et_pb_column][et_pb_column type=\u00bb1_4&#8243; _builder_version=\u00bb4.27.4&#8243; _module_preset=\u00bbdefault\u00bb global_colors_info=\u00bb{}\u00bb][et_pb_blurb title=\u00bbHizketa-interfaze isilak: ahotsaren sorrera bioseinaleetatik. Seinale elektromiografikoen bidezko azterketa.\u00bb image=\u00bbhttps:\/\/aholab.ehu.eus\/deeprestore\/wp-content\/uploads\/2024\/09\/ICONO-PUBLICACION.webp\u00bb image_icon_width=\u00bb44%\u00bb _builder_version=\u00bb4.27.4&#8243; _module_preset=\u00bbdefault\u00bb header_text_align=\u00bbcenter\u00bb header_line_height=\u00bb1.2em\u00bb body_text_align=\u00bbcenter\u00bb animation=\u00bboff\u00bb custom_css_blurb_image=\u00bbmargin-bottom: -10px;\u00bb global_colors_info=\u00bb{}\u00bb]<\/p>\n<p>Eder del Blanco, Inge Salomons, Eva Navas, Inma Hernaez Rioja,\u00a0<br \/>Ibon Saratxaga, Jon S\u00e1nchez<\/p>\n<p>EKAIA EHUko Zientzia eta Teknologia aldizkaria.\u00a0 2025: EKAIA Ale berezia. Adimen Artifiziala\u00a0 \u00a0<\/p>\n<p>doi: <a href=\"https:\/\/doi.org\/10.1387\/ekaia.26342\">https:\/\/doi.org\/10.1387\/ekaia.26342<\/a><\/p>\n<p>[\/et_pb_blurb][et_pb_button button_url=\u00bbhttps:\/\/ojs.ehu.eus\/index.php\/ekaia\/article\/view\/26342\/24819&#8243; url_new_window=\u00bbon\u00bb button_text=\u00bbPublicaci\u00f3n\u00bb button_alignment=\u00bbcenter\u00bb _builder_version=\u00bb4.27.4&#8243; _module_preset=\u00bbdefault\u00bb custom_button=\u00bbon\u00bb button_text_size=\u00bb14px\u00bb button_text_color=\u00bbgcid-primary-color\u00bb button_bg_color=\u00bb#FFFFFF\u00bb button_border_width=\u00bb1px\u00bb button_icon=\u00bb&#xf15c;||fa||400&#8243; button_icon_placement=\u00bbleft\u00bb button_on_hover=\u00bboff\u00bb hover_enabled=\u00bb0&#8243; global_colors_info=\u00bb{%22gcid-primary-color%22:%91%22button_text_color%22,%22button_bg_color__hover%22%93}\u00bb button_bg_color__hover_enabled=\u00bbon|hover\u00bb button_text_color__hover_enabled=\u00bbon|hover\u00bb button_text_color__hover=\u00bb#FFFFFF\u00bb button_letter_spacing__hover_enabled=\u00bbon|hover\u00bb button_letter_spacing__hover=\u00bb1px\u00bb button_bg_color__hover=\u00bb#209fc2&#8243; button_bg_enable_color__hover=\u00bbon\u00bb locked=\u00bboff\u00bb sticky_enabled=\u00bb0&#8243;][\/et_pb_button][\/et_pb_column][et_pb_column _builder_version=\u00bb4.27.4&#8243; _module_preset=\u00bbdefault\u00bb type=\u00bb1_4&#8243;][\/et_pb_column][et_pb_column type=\u00bb1_4&#8243; _builder_version=\u00bb4.27.4&#8243; _module_preset=\u00bbdefault\u00bb global_colors_info=\u00bb{}\u00bb][\/et_pb_column][\/et_pb_row][\/et_pb_section]<\/p>\n","protected":false},"excerpt":{"rendered":"<p>PUBLICACIONESGross Ram\u00edrez, D. A., Rodr\u00edguez San Esteban, P., Khanday, O. M., Ouellet, M., P\u00e9rez C\u00f3rdoba, J. L., &amp; Gonz\u00e1lez L\u00f3pez, J. A. (2025). XVII International Symposium of Psycholinguistics, Barcelona, SpainGonzalez-Lopez, J. A., Khanday, O. M., Rodr\u00edguez-San Esteban, P., Ouellet, M., &amp; P\u00e9rez-C\u00f3rdoba, J. L. (2025) III Congreso Investigaci\u00f3n PTS Granada, Granada, Espa\u00f1a.Khanday, O.M., Esteban, P.R.S., [&hellip;]<\/p>\n","protected":false},"author":1,"featured_media":0,"parent":0,"menu_order":0,"comment_status":"closed","ping_status":"closed","template":"","meta":{"_et_pb_use_builder":"on","_et_pb_old_content":"","_et_gb_content_width":"","footnotes":""},"class_list":["post-80","page","type-page","status-publish","hentry"],"_links":{"self":[{"href":"https:\/\/aholab.ehu.eus\/deeprestore\/wp-json\/wp\/v2\/pages\/80","targetHints":{"allow":["GET"]}}],"collection":[{"href":"https:\/\/aholab.ehu.eus\/deeprestore\/wp-json\/wp\/v2\/pages"}],"about":[{"href":"https:\/\/aholab.ehu.eus\/deeprestore\/wp-json\/wp\/v2\/types\/page"}],"author":[{"embeddable":true,"href":"https:\/\/aholab.ehu.eus\/deeprestore\/wp-json\/wp\/v2\/users\/1"}],"replies":[{"embeddable":true,"href":"https:\/\/aholab.ehu.eus\/deeprestore\/wp-json\/wp\/v2\/comments?post=80"}],"version-history":[{"count":15,"href":"https:\/\/aholab.ehu.eus\/deeprestore\/wp-json\/wp\/v2\/pages\/80\/revisions"}],"predecessor-version":[{"id":864,"href":"https:\/\/aholab.ehu.eus\/deeprestore\/wp-json\/wp\/v2\/pages\/80\/revisions\/864"}],"wp:attachment":[{"href":"https:\/\/aholab.ehu.eus\/deeprestore\/wp-json\/wp\/v2\/media?parent=80"}],"curies":[{"name":"wp","href":"https:\/\/api.w.org\/{rel}","templated":true}]}}